{"id":6532,"date":"2018-05-17T16:17:09","date_gmt":"2018-05-17T14:17:09","guid":{"rendered":"https:\/\/www.palazzidelpapa.it\/pienza-appartamenti-camere\/"},"modified":"2022-10-02T21:37:31","modified_gmt":"2022-10-02T19:37:31","slug":"pienza-appartamenti-camere","status":"publish","type":"page","link":"https:\/\/www.palazzidelpapa.it\/es\/pienza-appartamenti-camere\/","title":{"rendered":"Hospitalidad"},"content":{"rendered":"<div class=\"wpb-content-wrapper\"><p>[vc_row][vc_column][rev_slider_vc alias=\u00bbospitalita\u00bb enable_paspartu=\u00bbno\u00bb][\/vc_column][\/vc_row][vc_row row_content_width=\u00bbgrid\u00bb content_text_aligment=\u00bbcenter\u00bb css=\u00bb.vc_custom_1526567658258{padding-top: 34px !important;padding-bottom: 43px !important;}\u00bb][vc_column]<div class=\"eltd-elements-holder   eltd-one-column  eltd-responsive-mode-768 \" ><div class=\"eltd-eh-item   eltd-horizontal-alignment-center \"  data-item-class=\"eltd-eh-custom-9229\" data-1280-1600=\"0 21% 0 21%\" data-1024-1280=\"0 21% 0 21%\" data-768-1024=\"0 8% 0 8%\" data-680-768=\"0 0 0 0\" data-680=\"0 0 0 0\">\n\t<div class=\"eltd-eh-item-inner\">\n\t\t<div class=\"eltd-eh-item-content eltd-eh-custom-9229\" style=\"padding: 0 15% 0 15%\">\n\t\t\t<div class=\"eltd-section-title-holder eltd-separator-disabled  \" >\n    <div class=\"eltd-section-title-inner\">\n                            <h2 class=\"eltd-st-title \" >\n                <span class=\"eltd-st-before\"><\/span>\n                <span>Hospitalidad<\/span>\n            <\/h2>\n                            <\/div>\n<\/div>[vc_column_text]La estancia \u201c<b>Palazzi del Papa<\/b>\u201d fue construida en los a\u00f1os \u201930 por el Marqu\u00e9s Origo, precisamente donde se alzaba una antigua posada, en donde las eminencias que transitaban la cercana via Francigena a menudo se deten\u00edan a reposarse. Este caser\u00edo, ubicado en medio a la reserva natural Lucciola Bella, en la actualidad es de propiedad de la Empresa Agr\u00edcola Nardi Enzo.<br \/>\nGracias a una reciente reestructuraci\u00f3n, los hu\u00e9spedes pueden hospedarse en cinco amplios apartamentos con todas las comodidades.<br \/>\nEn el exterior hay grandes espacios verdes y jard\u00edn.[\/vc_column_text]\t\t<\/div>\n\t<\/div>\n<\/div><\/div>[\/vc_column][\/vc_row][vc_row row_content_width=\u00bbgrid\u00bb css=\u00bb.vc_custom_1526566787204{padding-top: 20px !important;padding-bottom: 20px !important;}\u00bb][vc_column]<div class=\"eltd-portfolio-list-holder eltd-pl-gallery eltd-tiny-space eltd-pl-three-columns eltd-pl-standard-shader    eltd-pl-pag-no-pagination     \"  data-type=gallery data-number-of-columns=3 data-space-between-items=tiny data-number-of-items=-1 data-image-proportions=full data-enable-fixed-proportions=no data-enable-image-shadow=no data-orderby=date data-order=ASC data-item-style=standard-shader data-enable-title=yes data-title-tag=h4 data-enable-category=yes data-enable-count-images=yes data-enable-excerpt=no data-excerpt-length=20 data-pagination-type=no-pagination data-filter=no data-filter-order-by=name data-enable-article-animation=no data-portfolio-slider-on=no data-enable-loop=yes data-enable-autoplay=yes data-slider-speed=5000 data-slider-speed-animation=600 data-enable-navigation=yes data-enable-pagination=yes data-max-num-pages=0 data-next-page=2>\n\t\t<div class=\"eltd-pl-inner eltd-outer-space  clearfix\">\n\t\t<article class=\"eltd-pl-item eltd-item-space  post-6517 portfolio-item type-portfolio-item status-publish has-post-thumbnail hentry portfolio-category-accommodation-es\">\n\t<div class=\"eltd-pl-item-inner\">\n\t\t<div class=\"eltd-pli-image\">\n\t<img loading=\"lazy\" decoding=\"async\" width=\"2560\" height=\"1920\" src=\"https:\/\/www.palazzidelpapa.it\/wp-content\/uploads\/2018\/01\/camera-pio-2-3-scaled.jpg\" class=\"attachment-full size-full wp-post-image\" alt=\"\" srcset=\"https:\/\/www.palazzidelpapa.it\/wp-content\/uploads\/2018\/01\/camera-pio-2-3-scaled.jpg 2560w, https:\/\/www.palazzidelpapa.it\/wp-content\/uploads\/2018\/01\/camera-pio-2-3-300x225.jpg 300w, https:\/\/www.palazzidelpapa.it\/wp-content\/uploads\/2018\/01\/camera-pio-2-3-1024x768.jpg 1024w, https:\/\/www.palazzidelpapa.it\/wp-content\/uploads\/2018\/01\/camera-pio-2-3-768x576.jpg 768w, https:\/\/www.palazzidelpapa.it\/wp-content\/uploads\/2018\/01\/camera-pio-2-3-1536x1152.jpg 1536w\" sizes=\"auto, (max-width: 2560px) 100vw, 2560px\" \/><\/div>\n<div class=\"eltd-pli-text-holder\">\n\t<div class=\"eltd-pli-text-wrapper\">\n\t\t<div class=\"eltd-pli-text\">\n\t\t\t\t<h4 itemprop=\"name\" class=\"eltd-pli-title entry-title\" >\n\t\tApartamento Pio II\t<\/h4>\n\n\t\t\t\t\t<div class=\"eltd-pli-category-holder\">\n\t\t\t<h6>\n\t\t\t\t\t\t\t\t\t<a itemprop=\"url\" class=\"eltd-pli-category\" href=\"https:\/\/www.palazzidelpapa.it\/es\/portfolio-category\/accommodation-es\/\">Accommodation<\/a>\n\t\t\t\t\t\t\t<\/h6>\n\t\t<\/div>\n\t\n\t\t\t    <div class=\"eltd-gli-number-of-images-holder\" >\n        <span>7 pics<\/span>\n    <\/div>\n\n\n\t\t\t\t\t<\/div>\n\t<\/div>\n<\/div>\t\t\n\t\t<a itemprop=\"url\" class=\"eltd-pli-link eltd-block-drag-link\" href=\"https:\/\/www.palazzidelpapa.it\/es\/portfolio-item\/appartamento-pio-ii\/\" target=\"_self\"><\/a>\n\t<\/div>\n<\/article><article class=\"eltd-pl-item eltd-item-space  post-6520 portfolio-item type-portfolio-item status-publish has-post-thumbnail hentry portfolio-category-accommodation-es\">\n\t<div class=\"eltd-pl-item-inner\">\n\t\t<div class=\"eltd-pli-image\">\n\t<img loading=\"lazy\" decoding=\"async\" width=\"1024\" height=\"682\" src=\"https:\/\/www.palazzidelpapa.it\/wp-content\/uploads\/2018\/05\/appartamento-pio-3-7-1024x682-1.jpg\" class=\"attachment-full size-full wp-post-image\" alt=\"\" srcset=\"https:\/\/www.palazzidelpapa.it\/wp-content\/uploads\/2018\/05\/appartamento-pio-3-7-1024x682-1.jpg 1024w, https:\/\/www.palazzidelpapa.it\/wp-content\/uploads\/2018\/05\/appartamento-pio-3-7-1024x682-1-300x200.jpg 300w, https:\/\/www.palazzidelpapa.it\/wp-content\/uploads\/2018\/05\/appartamento-pio-3-7-1024x682-1-768x512.jpg 768w, https:\/\/www.palazzidelpapa.it\/wp-content\/uploads\/2018\/05\/appartamento-pio-3-7-1024x682-1-330x220.jpg 330w\" sizes=\"auto, (max-width: 1024px) 100vw, 1024px\" \/><\/div>\n<div class=\"eltd-pli-text-holder\">\n\t<div class=\"eltd-pli-text-wrapper\">\n\t\t<div class=\"eltd-pli-text\">\n\t\t\t\t<h4 itemprop=\"name\" class=\"eltd-pli-title entry-title\" >\n\t\tApartamento Pio III\t<\/h4>\n\n\t\t\t\t\t<div class=\"eltd-pli-category-holder\">\n\t\t\t<h6>\n\t\t\t\t\t\t\t\t\t<a itemprop=\"url\" class=\"eltd-pli-category\" href=\"https:\/\/www.palazzidelpapa.it\/es\/portfolio-category\/accommodation-es\/\">Accommodation<\/a>\n\t\t\t\t\t\t\t<\/h6>\n\t\t<\/div>\n\t\n\t\t\t    <div class=\"eltd-gli-number-of-images-holder\" >\n        <span>9 pics<\/span>\n    <\/div>\n\n\n\t\t\t\t\t<\/div>\n\t<\/div>\n<\/div>\t\t\n\t\t<a itemprop=\"url\" class=\"eltd-pli-link eltd-block-drag-link\" href=\"https:\/\/www.palazzidelpapa.it\/es\/portfolio-item\/appartamento-pio-iii\/\" target=\"_self\"><\/a>\n\t<\/div>\n<\/article><article class=\"eltd-pl-item eltd-item-space  post-6523 portfolio-item type-portfolio-item status-publish has-post-thumbnail hentry portfolio-category-accommodation-es\">\n\t<div class=\"eltd-pl-item-inner\">\n\t\t<div class=\"eltd-pli-image\">\n\t<img loading=\"lazy\" decoding=\"async\" width=\"1920\" height=\"1280\" src=\"https:\/\/www.palazzidelpapa.it\/wp-content\/uploads\/2018\/05\/Pio-IV.-IMG_1418-2.jpg\" class=\"attachment-full size-full wp-post-image\" alt=\"\" srcset=\"https:\/\/www.palazzidelpapa.it\/wp-content\/uploads\/2018\/05\/Pio-IV.-IMG_1418-2.jpg 1920w, https:\/\/www.palazzidelpapa.it\/wp-content\/uploads\/2018\/05\/Pio-IV.-IMG_1418-2-300x200.jpg 300w, https:\/\/www.palazzidelpapa.it\/wp-content\/uploads\/2018\/05\/Pio-IV.-IMG_1418-2-768x512.jpg 768w, https:\/\/www.palazzidelpapa.it\/wp-content\/uploads\/2018\/05\/Pio-IV.-IMG_1418-2-1024x683.jpg 1024w, https:\/\/www.palazzidelpapa.it\/wp-content\/uploads\/2018\/05\/Pio-IV.-IMG_1418-2-600x400.jpg 600w\" sizes=\"auto, (max-width: 1920px) 100vw, 1920px\" \/><\/div>\n<div class=\"eltd-pli-text-holder\">\n\t<div class=\"eltd-pli-text-wrapper\">\n\t\t<div class=\"eltd-pli-text\">\n\t\t\t\t<h4 itemprop=\"name\" class=\"eltd-pli-title entry-title\" >\n\t\tApartamento Pio IV\t<\/h4>\n\n\t\t\t\t\t<div class=\"eltd-pli-category-holder\">\n\t\t\t<h6>\n\t\t\t\t\t\t\t\t\t<a itemprop=\"url\" class=\"eltd-pli-category\" href=\"https:\/\/www.palazzidelpapa.it\/es\/portfolio-category\/accommodation-es\/\">Accommodation<\/a>\n\t\t\t\t\t\t\t<\/h6>\n\t\t<\/div>\n\t\n\t\t\t    <div class=\"eltd-gli-number-of-images-holder\" >\n        <span>7 pics<\/span>\n    <\/div>\n\n\n\t\t\t\t\t<\/div>\n\t<\/div>\n<\/div>\t\t\n\t\t<a itemprop=\"url\" class=\"eltd-pli-link eltd-block-drag-link\" href=\"https:\/\/www.palazzidelpapa.it\/es\/portfolio-item\/appartamento-pio-iv\/\" target=\"_self\"><\/a>\n\t<\/div>\n<\/article><article class=\"eltd-pl-item eltd-item-space  post-6525 portfolio-item type-portfolio-item status-publish has-post-thumbnail hentry portfolio-category-accommodation-es\">\n\t<div class=\"eltd-pl-item-inner\">\n\t\t<div class=\"eltd-pli-image\">\n\t<img loading=\"lazy\" decoding=\"async\" width=\"1920\" height=\"1280\" src=\"https:\/\/www.palazzidelpapa.it\/wp-content\/uploads\/2018\/05\/Pio-VI.-IMG_2205-9.jpg\" class=\"attachment-full size-full wp-post-image\" alt=\"\" srcset=\"https:\/\/www.palazzidelpapa.it\/wp-content\/uploads\/2018\/05\/Pio-VI.-IMG_2205-9.jpg 1920w, https:\/\/www.palazzidelpapa.it\/wp-content\/uploads\/2018\/05\/Pio-VI.-IMG_2205-9-300x200.jpg 300w, https:\/\/www.palazzidelpapa.it\/wp-content\/uploads\/2018\/05\/Pio-VI.-IMG_2205-9-768x512.jpg 768w, https:\/\/www.palazzidelpapa.it\/wp-content\/uploads\/2018\/05\/Pio-VI.-IMG_2205-9-1024x683.jpg 1024w, https:\/\/www.palazzidelpapa.it\/wp-content\/uploads\/2018\/05\/Pio-VI.-IMG_2205-9-600x400.jpg 600w\" sizes=\"auto, (max-width: 1920px) 100vw, 1920px\" \/><\/div>\n<div class=\"eltd-pli-text-holder\">\n\t<div class=\"eltd-pli-text-wrapper\">\n\t\t<div class=\"eltd-pli-text\">\n\t\t\t\t<h4 itemprop=\"name\" class=\"eltd-pli-title entry-title\" >\n\t\tApartamento Pio VI\t<\/h4>\n\n\t\t\t\t\t<div class=\"eltd-pli-category-holder\">\n\t\t\t<h6>\n\t\t\t\t\t\t\t\t\t<a itemprop=\"url\" class=\"eltd-pli-category\" href=\"https:\/\/www.palazzidelpapa.it\/es\/portfolio-category\/accommodation-es\/\">Accommodation<\/a>\n\t\t\t\t\t\t\t<\/h6>\n\t\t<\/div>\n\t\n\t\t\t    <div class=\"eltd-gli-number-of-images-holder\" >\n        <span>5 pics<\/span>\n    <\/div>\n\n\n\t\t\t\t\t<\/div>\n\t<\/div>\n<\/div>\t\t\n\t\t<a itemprop=\"url\" class=\"eltd-pli-link eltd-block-drag-link\" href=\"https:\/\/www.palazzidelpapa.it\/es\/portfolio-item\/appartamento-pio-vi\/\" target=\"_self\"><\/a>\n\t<\/div>\n<\/article><article class=\"eltd-pl-item eltd-item-space  post-6527 portfolio-item type-portfolio-item status-publish has-post-thumbnail hentry portfolio-category-accommodation-es\">\n\t<div class=\"eltd-pl-item-inner\">\n\t\t<div class=\"eltd-pli-image\">\n\t<img loading=\"lazy\" decoding=\"async\" width=\"1200\" height=\"800\" src=\"https:\/\/www.palazzidelpapa.it\/wp-content\/uploads\/2018\/05\/IMG_2153.jpg\" class=\"attachment-full size-full wp-post-image\" alt=\"\" srcset=\"https:\/\/www.palazzidelpapa.it\/wp-content\/uploads\/2018\/05\/IMG_2153.jpg 1200w, https:\/\/www.palazzidelpapa.it\/wp-content\/uploads\/2018\/05\/IMG_2153-300x200.jpg 300w, https:\/\/www.palazzidelpapa.it\/wp-content\/uploads\/2018\/05\/IMG_2153-768x512.jpg 768w, https:\/\/www.palazzidelpapa.it\/wp-content\/uploads\/2018\/05\/IMG_2153-1024x683.jpg 1024w, https:\/\/www.palazzidelpapa.it\/wp-content\/uploads\/2018\/05\/IMG_2153-600x400.jpg 600w\" sizes=\"auto, (max-width: 1200px) 100vw, 1200px\" \/><\/div>\n<div class=\"eltd-pli-text-holder\">\n\t<div class=\"eltd-pli-text-wrapper\">\n\t\t<div class=\"eltd-pli-text\">\n\t\t\t\t<h4 itemprop=\"name\" class=\"eltd-pli-title entry-title\" >\n\t\tApartamento Bellarmino\t<\/h4>\n\n\t\t\t\t\t<div class=\"eltd-pli-category-holder\">\n\t\t\t<h6>\n\t\t\t\t\t\t\t\t\t<a itemprop=\"url\" class=\"eltd-pli-category\" href=\"https:\/\/www.palazzidelpapa.it\/es\/portfolio-category\/accommodation-es\/\">Accommodation<\/a>\n\t\t\t\t\t\t\t<\/h6>\n\t\t<\/div>\n\t\n\t\t\t    <div class=\"eltd-gli-number-of-images-holder\" >\n        <span>9 pics<\/span>\n    <\/div>\n\n\n\t\t\t\t\t<\/div>\n\t<\/div>\n<\/div>\t\t\n\t\t<a itemprop=\"url\" class=\"eltd-pli-link eltd-block-drag-link\" href=\"https:\/\/www.palazzidelpapa.it\/es\/portfolio-item\/appartamento-bellarmino\/\" target=\"_self\"><\/a>\n\t<\/div>\n<\/article><article class=\"eltd-pl-item eltd-item-space  post-6530 portfolio-item type-portfolio-item status-publish has-post-thumbnail hentry portfolio-category-accommodation-es\">\n\t<div class=\"eltd-pl-item-inner\">\n\t\t<div class=\"eltd-pli-image\">\n\t<img loading=\"lazy\" decoding=\"async\" width=\"1200\" height=\"800\" src=\"https:\/\/www.palazzidelpapa.it\/wp-content\/uploads\/2018\/05\/IMG_2182.jpg\" class=\"attachment-full size-full wp-post-image\" alt=\"\" srcset=\"https:\/\/www.palazzidelpapa.it\/wp-content\/uploads\/2018\/05\/IMG_2182.jpg 1200w, https:\/\/www.palazzidelpapa.it\/wp-content\/uploads\/2018\/05\/IMG_2182-300x200.jpg 300w, https:\/\/www.palazzidelpapa.it\/wp-content\/uploads\/2018\/05\/IMG_2182-768x512.jpg 768w, https:\/\/www.palazzidelpapa.it\/wp-content\/uploads\/2018\/05\/IMG_2182-1024x683.jpg 1024w, https:\/\/www.palazzidelpapa.it\/wp-content\/uploads\/2018\/05\/IMG_2182-600x400.jpg 600w\" sizes=\"auto, (max-width: 1200px) 100vw, 1200px\" \/><\/div>\n<div class=\"eltd-pli-text-holder\">\n\t<div class=\"eltd-pli-text-wrapper\">\n\t\t<div class=\"eltd-pli-text\">\n\t\t\t\t<h4 itemprop=\"name\" class=\"eltd-pli-title entry-title\" >\n\t\tLas Habitaciones\t<\/h4>\n\n\t\t\t\t\t<div class=\"eltd-pli-category-holder\">\n\t\t\t<h6>\n\t\t\t\t\t\t\t\t\t<a itemprop=\"url\" class=\"eltd-pli-category\" href=\"https:\/\/www.palazzidelpapa.it\/es\/portfolio-category\/accommodation-es\/\">Accommodation<\/a>\n\t\t\t\t\t\t\t<\/h6>\n\t\t<\/div>\n\t\n\t\t\t    <div class=\"eltd-gli-number-of-images-holder\" >\n        <span>4 pics<\/span>\n    <\/div>\n\n\n\t\t\t\t\t<\/div>\n\t<\/div>\n<\/div>\t\t\n\t\t<a itemprop=\"url\" class=\"eltd-pli-link eltd-block-drag-link\" href=\"https:\/\/www.palazzidelpapa.it\/es\/portfolio-item\/camere-la-calonica-i-e-ii\/\" target=\"_self\"><\/a>\n\t<\/div>\n<\/article>\t<\/div>\n\t\n\t<\/div>[\/vc_column][\/vc_row][vc_row row_content_width=\u00bbgrid\u00bb css=\u00bb.vc_custom_1526568268653{padding-bottom: 44px !important;}\u00bb][vc_column width=\u00bb1\/2&#8243;][vc_column_text]<strong>EST\u00c1N INCLUIDOS EN EL PRECIO:<\/strong><br \/>\n&#8211; Desayuno, que ponemos en el apartamento, que consiste en un donut casero, leche, miel y mermelada de nuestra producci\u00f3n.<br \/>\n-Gas, Electricidad, Agua, Televisi\u00f3n, Ropa de cama, Uso de la piscina, Limpieza final, Le\u00f1a para la chimenea, Servicio de lavander\u00eda.<br \/>\n<strong>Conexi\u00f3n a Internet Wi-Fi gratuita.<\/strong>[\/vc_column_text][\/vc_column][vc_column width=\u00bb1\/2&#8243;][vc_column_text]<strong>EST\u00c1N EXCLUIDOS DEL PRECIO:<\/strong><br \/>\n-Calefacci\u00f3n en el per\u00edodo de octubre a marzo seg\u00fan consumo, desayuno (6 euros), perros (10 euros por noche), limpieza diaria, alquiler de bicicletas.<br \/>\nAdem\u00e1s, la estructura tiene una gran sala con cocina y servicio, adecuada para grandes grupos, reuniones, conferencias de negocios.[\/vc_column_text][\/vc_column][\/vc_row]<\/p>\n<\/div>","protected":false},"excerpt":{"rendered":"<p>[vc_row][vc_column][rev_slider_vc alias=\u00bbospitalita\u00bb enable_paspartu=\u00bbno\u00bb][\/vc_column][\/vc_row][vc_row row_content_width=\u00bbgrid\u00bb content_text_aligment=\u00bbcenter\u00bb css=\u00bb.vc_custom_1526567658258{padding-top: 34px !important;padding-bottom: 43px !important;}\u00bb][vc_column][\/vc_column][\/vc_row][vc_row row_content_width=\u00bbgrid\u00bb css=\u00bb.vc_custom_1526566787204{padding-top: 20px !important;padding-bottom: 20px !important;}\u00bb][vc_column][\/vc_column][\/vc_row][vc_row row_content_width=\u00bbgrid\u00bb css=\u00bb.vc_custom_1526568268653{padding-bottom: 44px !important;}\u00bb][vc_column width=\u00bb1\/2&#8243;][vc_column_text]EST\u00c1N INCLUIDOS EN EL PRECIO: &#8211; Desayuno, que ponemos en el apartamento, que consiste en un donut casero, leche, miel [&hellip;]<\/p>\n","protected":false},"author":1,"featured_media":0,"parent":0,"menu_order":0,"comment_status":"closed","ping_status":"closed","template":"full-width.php","meta":{"footnotes":""},"class_list":["post-6532","page","type-page","status-publish","hentry"],"_links":{"self":[{"href":"https:\/\/www.palazzidelpapa.it\/es\/wp-json\/wp\/v2\/pages\/6532","targetHints":{"allow":["GET"]}}],"collection":[{"href":"https:\/\/www.palazzidelpapa.it\/es\/wp-json\/wp\/v2\/pages"}],"about":[{"href":"https:\/\/www.palazzidelpapa.it\/es\/wp-json\/wp\/v2\/types\/page"}],"author":[{"embeddable":true,"href":"https:\/\/www.palazzidelpapa.it\/es\/wp-json\/wp\/v2\/users\/1"}],"replies":[{"embeddable":true,"href":"https:\/\/www.palazzidelpapa.it\/es\/wp-json\/wp\/v2\/comments?post=6532"}],"version-history":[{"count":3,"href":"https:\/\/www.palazzidelpapa.it\/es\/wp-json\/wp\/v2\/pages\/6532\/revisions"}],"predecessor-version":[{"id":6984,"href":"https:\/\/www.palazzidelpapa.it\/es\/wp-json\/wp\/v2\/pages\/6532\/revisions\/6984"}],"wp:attachment":[{"href":"https:\/\/www.palazzidelpapa.it\/es\/wp-json\/wp\/v2\/media?parent=6532"}],"curies":[{"name":"wp","href":"https:\/\/api.w.org\/{rel}","templated":true}]}}